{"id":2460,"date":"2023-10-26T13:57:39","date_gmt":"2023-10-26T11:57:39","guid":{"rendered":"https:\/\/www.tus-hilter-tischtennis.de\/wp\/?page_id=2460"},"modified":"2023-11-10T11:36:20","modified_gmt":"2023-11-10T10:36:20","slug":"chronik-2006-07","status":"publish","type":"page","link":"http:\/\/www.tus-hilter-tischtennis.de\/wp\/?page_id=2460","title":{"rendered":"Chronik 2006\/07"},"content":{"rendered":"<p>2006\/07<\/p>\n<p><strong>Vereinswechsel zum TuS Hilter<\/strong><br \/>\nSebastian Thiem wechselt vom SV Bad Laer zum TuS Hilter<br \/>\nChristian Engler wechselt vom SV Bad Laer zum TuS Hilter<\/p>\n<p><strong>Tabellen 2006\/07<\/strong><\/p>\n<p><strong>1. Herren<\/strong><br \/>\n<strong>1. Bezirksklasse Osnabr\u00fcck Relegation<\/strong><br \/>\n1 TSV Riemsloh 18:9 4:0<br \/>\n2 SV Nortrup 13:17 1:3<br \/>\n<strong>3 TuS Hilter 12:17 1:3<\/strong><\/p>\n<p><strong>2. Bezirksklasse Osnabr\u00fcck-S\u00fcd<\/strong><\/p>\n<p>1 Spvg. Oldendorf III 161:67 35:1<br \/>\n<strong>2 TuS Hilter 150:83 28:8<\/strong><br \/>\n3 BSV Holzhausen III 144:90 28:8<br \/>\n4 SC Glandorf 146:101 27:9<br \/>\n5 OFV Ostercappeln 119:136 14:22<br \/>\n6 Spvg. Gaste-Hasbergen 109:129 14:22<br \/>\n7 VfL Bad Iburg 109:131 13:23<br \/>\n8 TV Bohmte 101:148 11:25<br \/>\n9 SF Oesede IV 81:149 7:29<br \/>\n10 SV Wissingen 70:156 3:33<\/p>\n<p><strong>2. Herren<\/strong><br \/>\n<strong>Kreisliga S\u00fcd<\/strong><\/p>\n<p>1 TSG Dissen III 155:71 31:5<br \/>\n2 VfL Kloster Oesede II 156:79 31:5<br \/>\n3 SG Hankenberge Wellendorf 141:109 25:11<br \/>\n4 TuS Glane 139:118 21:15<br \/>\n5 Spvg. Niedermark III 125:106 21:15<br \/>\n6 Spvg. Gaste-Hasbergen II 128:125 18:18<br \/>\n7 SV Bad Laer 125:128 17:19<br \/>\n<strong>8 TuS Hilter II 97:145 9:27<\/strong><br \/>\n9 SF Oesede V 88:146 7:29<br \/>\n10 SF Oesede VI 35:162 0:36<\/p>\n<p><strong>Kreisliga S\u00fcd Relegation<\/strong><br \/>\n<strong>1 TuS Hilter II 9:4 2:0<\/strong><br \/>\n2 TSG Dissen IV 4:9 0:2<\/p>\n<p><strong>3. Herren<\/strong><br \/>\n<strong>4. Herren<\/strong><br \/>\n<strong>1. Kreisklasse S\u00fcd Relegation<\/strong><br \/>\n1 TuS Glane II 9:3 2:0<br \/>\n<strong>2 TuS Hilter III 3:9 0:2<\/strong><\/p>\n<p><strong>2. Kreisklasse S\u00fcd<\/strong><br \/>\n1 TSG Dissen V 162:44 36:0<br \/>\n<strong>2 TuS Hilter III 150:64 29:7<\/strong><br \/>\n3 SV 28 Wissingen II 131:94 24:12<br \/>\n4 Spvg. Niedermark IV 135:109 22:14<br \/>\n5 SF Oesede VII 114:116 19:17<br \/>\n6 TuS Glane III 109:130 15:21<br \/>\n<strong>7 TuS Hilter IV 108:132 13:23<\/strong><br \/>\n8 SC Glandorf III 100:134 12:24<br \/>\n9 Spvg. Gaste-Hasbergen IV 82:137 10:26<br \/>\n10 SV Concordia Belm-Powe VI 31:162 0:36<\/p>\n<p><strong>5. Herren<\/strong><br \/>\n<strong>3. Kreisklasse S\u00fcd B<\/strong><\/p>\n<p>1 BSV Holzhausen IV 112:8 32:0<br \/>\n2 TuS Borgloh IV 98:58 26:6<br \/>\n3 TuS Glane IV 96:46 25:7<br \/>\n4 Spvg. Gaste-Hasbergen VI 79:81 15:17<br \/>\n5 SG Hankenberge Wellendorf IV 74:88 15:17<br \/>\n6 Spvg. Gaste-Hasbergen V 73:99 11:21<br \/>\n7 SF Oesede IX 63:93 11:21<br \/>\n8 SV Blau-Wei\u00df Schwege 56:101 9:23<br \/>\n<strong>9 TuS Hilter V 35:112 0:32<\/strong><\/p>\n<p><strong>Austellungen<\/strong><\/p>\n<p><strong>1. Herren &#8211; 2. Bezirksklasse S\u00fcd<\/strong><br \/>\n1.1 &#8211; Sebastian Thiem<br \/>\n1.2 &#8211; Viktor Dreier<br \/>\n1.3 &#8211; Axel Walke<br \/>\n1.4 &#8211; Christian Engler<br \/>\n1.5 &#8211; Norbert Straede<br \/>\n1.6 &#8211; Matthias Schnieber<br \/>\n1.7 &#8211; Mike Windisch RES<br \/>\n1.8 &#8211; Heiner Lippold RES<\/p>\n<figure id=\"attachment_2500\" aria-describedby=\"caption-attachment-2500\" style=\"width: 300px\" class=\"wp-caption alignnone\"><a href=\"http:\/\/www.tus-hilter-tischtennis.de\/wp\/wp-content\/uploads\/2023\/10\/Mannschaft-TuSHilterI-20060925.jpg\"><img loading=\"lazy\" decoding=\"async\" class=\"size-medium wp-image-2500\" src=\"http:\/\/www.tus-hilter-tischtennis.de\/wp\/wp-content\/uploads\/2023\/10\/Mannschaft-TuSHilterI-20060925-300x225.jpg\" alt=\"\" width=\"300\" height=\"225\" srcset=\"http:\/\/www.tus-hilter-tischtennis.de\/wp\/wp-content\/uploads\/2023\/10\/Mannschaft-TuSHilterI-20060925-300x225.jpg 300w, http:\/\/www.tus-hilter-tischtennis.de\/wp\/wp-content\/uploads\/2023\/10\/Mannschaft-TuSHilterI-20060925-1024x768.jpg 1024w, http:\/\/www.tus-hilter-tischtennis.de\/wp\/wp-content\/uploads\/2023\/10\/Mannschaft-TuSHilterI-20060925-768x576.jpg 768w, http:\/\/www.tus-hilter-tischtennis.de\/wp\/wp-content\/uploads\/2023\/10\/Mannschaft-TuSHilterI-20060925-1536x1152.jpg 1536w, http:\/\/www.tus-hilter-tischtennis.de\/wp\/wp-content\/uploads\/2023\/10\/Mannschaft-TuSHilterI-20060925-320x240.jpg 320w, http:\/\/www.tus-hilter-tischtennis.de\/wp\/wp-content\/uploads\/2023\/10\/Mannschaft-TuSHilterI-20060925.jpg 1600w\" sizes=\"auto, (max-width: 300px) 100vw, 300px\" \/><\/a><figcaption id=\"caption-attachment-2500\" class=\"wp-caption-text\">TuS Hilter I 2006: Viktor Dreier, Sebastian Thiem, Christian Engler, Norbert Straede, Axel Walke, Matthias Schnieber<\/figcaption><\/figure>\n<p><strong>2. Herren &#8211; Kreisliga S\u00fcd<\/strong><br \/>\n2.1 &#8211; Stephan Hagedorn<br \/>\n2.2 &#8211; Christoph Thiem<br \/>\n2.3 &#8211; Holger Straede<br \/>\n2.4 &#8211; Markus Engler<br \/>\n2.5 &#8211; Stefan Pohlmeyer<br \/>\n2.6 &#8211; Carsten Otto<\/p>\n<figure id=\"attachment_2503\" aria-describedby=\"caption-attachment-2503\" style=\"width: 300px\" class=\"wp-caption alignnone\"><a href=\"http:\/\/www.tus-hilter-tischtennis.de\/wp\/wp-content\/uploads\/2023\/10\/TuS-Hilter-II-2007_001-DeNoiseAI-standard.jpg\"><img loading=\"lazy\" decoding=\"async\" class=\"size-medium wp-image-2503\" src=\"http:\/\/www.tus-hilter-tischtennis.de\/wp\/wp-content\/uploads\/2023\/10\/TuS-Hilter-II-2007_001-DeNoiseAI-standard-300x225.jpg\" alt=\"\" width=\"300\" height=\"225\" srcset=\"http:\/\/www.tus-hilter-tischtennis.de\/wp\/wp-content\/uploads\/2023\/10\/TuS-Hilter-II-2007_001-DeNoiseAI-standard-300x225.jpg 300w, http:\/\/www.tus-hilter-tischtennis.de\/wp\/wp-content\/uploads\/2023\/10\/TuS-Hilter-II-2007_001-DeNoiseAI-standard-1024x768.jpg 1024w, http:\/\/www.tus-hilter-tischtennis.de\/wp\/wp-content\/uploads\/2023\/10\/TuS-Hilter-II-2007_001-DeNoiseAI-standard-768x576.jpg 768w, http:\/\/www.tus-hilter-tischtennis.de\/wp\/wp-content\/uploads\/2023\/10\/TuS-Hilter-II-2007_001-DeNoiseAI-standard-1536x1152.jpg 1536w, http:\/\/www.tus-hilter-tischtennis.de\/wp\/wp-content\/uploads\/2023\/10\/TuS-Hilter-II-2007_001-DeNoiseAI-standard-320x240.jpg 320w, http:\/\/www.tus-hilter-tischtennis.de\/wp\/wp-content\/uploads\/2023\/10\/TuS-Hilter-II-2007_001-DeNoiseAI-standard.jpg 1600w\" sizes=\"auto, (max-width: 300px) 100vw, 300px\" \/><\/a><figcaption id=\"caption-attachment-2503\" class=\"wp-caption-text\">TuS Hilter II 2006\/07: Markus Engler, Stephan Hagedorn, Stefan Pohlmeyer, Carsten Otto, Christoph Thiem, Holger Straede<\/figcaption><\/figure>\n<figure id=\"attachment_2504\" aria-describedby=\"caption-attachment-2504\" style=\"width: 300px\" class=\"wp-caption alignnone\"><a href=\"http:\/\/www.tus-hilter-tischtennis.de\/wp\/wp-content\/uploads\/2023\/10\/TuS-Hilter-II-2007_002-DeNoiseAI-standard.jpg\"><img loading=\"lazy\" decoding=\"async\" class=\"size-medium wp-image-2504\" src=\"http:\/\/www.tus-hilter-tischtennis.de\/wp\/wp-content\/uploads\/2023\/10\/TuS-Hilter-II-2007_002-DeNoiseAI-standard-300x225.jpg\" alt=\"\" width=\"300\" height=\"225\" srcset=\"http:\/\/www.tus-hilter-tischtennis.de\/wp\/wp-content\/uploads\/2023\/10\/TuS-Hilter-II-2007_002-DeNoiseAI-standard-300x225.jpg 300w, http:\/\/www.tus-hilter-tischtennis.de\/wp\/wp-content\/uploads\/2023\/10\/TuS-Hilter-II-2007_002-DeNoiseAI-standard-1024x768.jpg 1024w, http:\/\/www.tus-hilter-tischtennis.de\/wp\/wp-content\/uploads\/2023\/10\/TuS-Hilter-II-2007_002-DeNoiseAI-standard-768x576.jpg 768w, http:\/\/www.tus-hilter-tischtennis.de\/wp\/wp-content\/uploads\/2023\/10\/TuS-Hilter-II-2007_002-DeNoiseAI-standard-1536x1152.jpg 1536w, http:\/\/www.tus-hilter-tischtennis.de\/wp\/wp-content\/uploads\/2023\/10\/TuS-Hilter-II-2007_002-DeNoiseAI-standard-320x240.jpg 320w, http:\/\/www.tus-hilter-tischtennis.de\/wp\/wp-content\/uploads\/2023\/10\/TuS-Hilter-II-2007_002-DeNoiseAI-standard.jpg 1600w\" sizes=\"auto, (max-width: 300px) 100vw, 300px\" \/><\/a><figcaption id=\"caption-attachment-2504\" class=\"wp-caption-text\">TuS Hilter II 2006\/07: Markus Engler, Stephan Hagedorn, Stefan Pohlmeyer, Carsten Otto, Christoph Thiem, Holger Straede<\/figcaption><\/figure>\n<p><strong>3. Herren &#8211; 2. Kreisklasse S\u00fcd<\/strong><br \/>\n3.1 &#8211; Christian M\u00f6ller<br \/>\n3.2 &#8211; Gilbert Sprick<br \/>\n3.3 &#8211; J\u00fcrgen Zastrow<br \/>\n3.4 &#8211; Reiner Brinkrolf<br \/>\n3.5 &#8211; Friedhelm Pieper<br \/>\n3.6 &#8211; Michael Fritz<\/p>\n<figure id=\"attachment_2505\" aria-describedby=\"caption-attachment-2505\" style=\"width: 300px\" class=\"wp-caption alignnone\"><a href=\"http:\/\/www.tus-hilter-tischtennis.de\/wp\/wp-content\/uploads\/2023\/10\/TuS-Hilter-III-2006_001-DeNoiseAI-standard.jpg\"><img loading=\"lazy\" decoding=\"async\" class=\"size-medium wp-image-2505\" src=\"http:\/\/www.tus-hilter-tischtennis.de\/wp\/wp-content\/uploads\/2023\/10\/TuS-Hilter-III-2006_001-DeNoiseAI-standard-300x225.jpg\" alt=\"\" width=\"300\" height=\"225\" srcset=\"http:\/\/www.tus-hilter-tischtennis.de\/wp\/wp-content\/uploads\/2023\/10\/TuS-Hilter-III-2006_001-DeNoiseAI-standard-300x225.jpg 300w, http:\/\/www.tus-hilter-tischtennis.de\/wp\/wp-content\/uploads\/2023\/10\/TuS-Hilter-III-2006_001-DeNoiseAI-standard-320x240.jpg 320w, http:\/\/www.tus-hilter-tischtennis.de\/wp\/wp-content\/uploads\/2023\/10\/TuS-Hilter-III-2006_001-DeNoiseAI-standard.jpg 640w\" sizes=\"auto, (max-width: 300px) 100vw, 300px\" \/><\/a><figcaption id=\"caption-attachment-2505\" class=\"wp-caption-text\">TuS Hilter III 2006\/07: Reiner Brinkrolf, Gilbert Sprick, Friedhelm Pieper, Michael Fritz, Christian M\u00f6ller, J\u00fcrgen Zastrow<\/figcaption><\/figure>\n<figure id=\"attachment_2506\" aria-describedby=\"caption-attachment-2506\" style=\"width: 300px\" class=\"wp-caption alignnone\"><a href=\"http:\/\/www.tus-hilter-tischtennis.de\/wp\/wp-content\/uploads\/2023\/10\/TuS-Hilter-III-2006_002-DeNoiseAI-standard.jpg\"><img loading=\"lazy\" decoding=\"async\" class=\"size-medium wp-image-2506\" src=\"http:\/\/www.tus-hilter-tischtennis.de\/wp\/wp-content\/uploads\/2023\/10\/TuS-Hilter-III-2006_002-DeNoiseAI-standard-300x225.jpg\" alt=\"\" width=\"300\" height=\"225\" srcset=\"http:\/\/www.tus-hilter-tischtennis.de\/wp\/wp-content\/uploads\/2023\/10\/TuS-Hilter-III-2006_002-DeNoiseAI-standard-300x225.jpg 300w, http:\/\/www.tus-hilter-tischtennis.de\/wp\/wp-content\/uploads\/2023\/10\/TuS-Hilter-III-2006_002-DeNoiseAI-standard-320x240.jpg 320w, http:\/\/www.tus-hilter-tischtennis.de\/wp\/wp-content\/uploads\/2023\/10\/TuS-Hilter-III-2006_002-DeNoiseAI-standard.jpg 640w\" sizes=\"auto, (max-width: 300px) 100vw, 300px\" \/><\/a><figcaption id=\"caption-attachment-2506\" class=\"wp-caption-text\">TuS Hilter III 2006\/07: Reiner Brinkrolf, Gilbert Sprick, Friedhelm Pieper, Michael Fritz, Christian M\u00f6ller, J\u00fcrgen Zastrow<\/figcaption><\/figure>\n<p><strong>4. Herren &#8211; 2. Kreisklasse S\u00fcd<\/strong><br \/>\n4.1 &#8211; Stefan Esdar SPV<br \/>\n4.2 &#8211; Udo Meyer SPV RES<br \/>\n4.3 &#8211; Cedric Strelow SPV<br \/>\n4.4 &#8211; Holger Landwehr SPV<br \/>\n4.5 &#8211; G\u00fcnter Riemer<br \/>\n4.6 &#8211; Stefan Schaiper<br \/>\n4.7 &#8211; Denis Albani<br \/>\n4.8 &#8211; Jochen Lieb<br \/>\n4.9 &#8211; Dirk Ahrendt RES<\/p>\n<figure id=\"attachment_2461\" aria-describedby=\"caption-attachment-2461\" style=\"width: 300px\" class=\"wp-caption alignnone\"><a href=\"http:\/\/www.tus-hilter-tischtennis.de\/wp\/wp-content\/uploads\/2023\/10\/HilterIV_Mannschaft.jpg\"><img loading=\"lazy\" decoding=\"async\" class=\"size-medium wp-image-2461\" src=\"http:\/\/www.tus-hilter-tischtennis.de\/wp\/wp-content\/uploads\/2023\/10\/HilterIV_Mannschaft-300x225.jpg\" alt=\"\" width=\"300\" height=\"225\" srcset=\"http:\/\/www.tus-hilter-tischtennis.de\/wp\/wp-content\/uploads\/2023\/10\/HilterIV_Mannschaft-300x225.jpg 300w, http:\/\/www.tus-hilter-tischtennis.de\/wp\/wp-content\/uploads\/2023\/10\/HilterIV_Mannschaft-320x240.jpg 320w, http:\/\/www.tus-hilter-tischtennis.de\/wp\/wp-content\/uploads\/2023\/10\/HilterIV_Mannschaft.jpg 640w\" sizes=\"auto, (max-width: 300px) 100vw, 300px\" \/><\/a><figcaption id=\"caption-attachment-2461\" class=\"wp-caption-text\">Tus Hilter IV 2006: Holger Landwehr, Denis Albani, Jochen Lieb, G\u00fcnter Riemer, Cedric Strelow, Stefan Esdar<\/figcaption><\/figure>\n<p><strong>5. Herren &#8211; 3. Kreisklasse S\u00fcd B<\/strong><br \/>\n5.1 &#8211; Dietmar Schmidt SPV RES<br \/>\n5.2 &#8211; Martin Welp<br \/>\n5.3 &#8211; Klaus Komp<br \/>\n5.4 &#8211; Daniel Wolf<br \/>\n5.5 &#8211; Reinhard Mronga RES<br \/>\n5.6 &#8211; Steffen V\u00f6lz RES<br \/>\n5.7 &#8211; Michael Vlaminck RES<br \/>\n5.8 &#8211; Heiner Oortmann<br \/>\n5.9 &#8211; Heinz-Hermann Radtke<\/p>\n<p><strong>Bilanzen Vorrunde<\/strong><\/p>\n<p><strong>1. Herren &#8211; 2. Bezirksklasse S\u00fcd<\/strong><br \/>\n1.1 Thiem, S. 9 12:6<br \/>\n1.2 Dreier, V. (SBE) 9 16:0<br \/>\n1.3 Walke, A. ^ 9 6:7<br \/>\n1.4 Engler, C. 9 8:4<br \/>\n1.5 Straede, N. 9 8:2<br \/>\n1.6 Schnieber, M. 8 7:2<br \/>\n1.7 Windisch, M. 0<br \/>\n1.8 Lippold, H. 0<br \/>\n2.3 Straede, H. 1 0:1<\/p>\n<p><strong>2. Herren &#8211; Kreisliga S\u00fcd<\/strong><br \/>\n2.1 Hagedorn, S. 9 6:12<br \/>\n2.2 Thiem, C. 7 3:11<br \/>\n2.3 Straede, H. 9 8:9<br \/>\n2.4 Engler, M. 8 5:8<br \/>\n2.5 Pohlmeyer, S. 9 7:6<br \/>\n2.6 Otto, C. 8 4:8<br \/>\n3.1 Sprenger, C. 1 1:0<br \/>\n3.2 Sprick, G. 2 1:1<br \/>\n3.4 Brinkrolf, R. 1 0:1<\/p>\n<p><strong>3. Herren &#8211; 2. Kreisklasse S\u00fcd<\/strong><br \/>\n3.1 Sprenger, C. 9 9:5<br \/>\n3.2 Sprick, G. 9 9:4<br \/>\n3.3 Zastrow, J. 9 10:3<br \/>\n3.4 Brinkrolf, R. 8 8:2<br \/>\n3.5 Pieper, F. 9 9:2<br \/>\n3.6 Fritz, M. 6 3:4<br \/>\n4.2 Meyer, U. (SPV) 2 2:0<br \/>\n4.4 Landwehr, H. (SPV) 1 1:0<br \/>\n4.6 Schaiper, S. 1 1:0<\/p>\n<p><strong>4. Herren &#8211; 2. Kreisklasse S\u00fcd<\/strong><br \/>\n4.1 Esdar, S. (SPV) 8 6:10<br \/>\n4.2 Meyer, U. (SPV) 9 8:9<br \/>\n4.3 Strelow, C. (SPV) 7 5:6<br \/>\n4.4 Landwehr, H. (SPV) 9 7:6<br \/>\n4.5 Riemer, G. 7 7:4<br \/>\n4.6 Schaiper, S. 6 2:5<br \/>\n4.7 Albani, D. 6 5:3<br \/>\n4.8 Lieb, J. 1 0:1<br \/>\n4.9 Ahrendt, D. 0<br \/>\n5.2 Welp, M. 1 0:1<\/p>\n<p><strong>5. Herren &#8211; 3. Kreisklasse S\u00fcd B<\/strong><br \/>\n5.1 Schmidt, D. (SPV) 2 3:1<br \/>\n5.2 Welp, M. 7 3:11<br \/>\n5.3 Komp, K. 3 3:3<br \/>\n5.4 Wolf, D. 3 1:3<br \/>\n5.5 Mronga, R. 5 1:6<br \/>\n5.6 V\u00f6lz, S. 3 0:4<br \/>\n5.7 Vlaminck, M. 1 0:2<br \/>\n5.8 Oortmann, H. 7 4:7<br \/>\n5.9 Radtke, H. 2 1:2<\/p>\n<p><strong>Bilanzen R\u00fcckrunde<\/strong><\/p>\n<p><strong>1. Herren &#8211; 2. Bezirksklasse S\u00fcd<\/strong><br \/>\n1.1 Dreier, V. (SBE) 8 12:4<br \/>\n1.2 Thiem, S. 8 12:4<br \/>\n1.3 Engler, C. 8 9:6<br \/>\n1.4 Walke, A. 9 6:11<br \/>\n1.5 Straede, N. 9 9:6<br \/>\n1.6 Schnieber, M. 8 7:5<br \/>\n1.7 Windisch, M. 1 0:1<br \/>\n1.8 Lippold, H. 0<br \/>\n2.1 Hagedorn, S. 2 2:1<br \/>\n2.3 Thiem, C. 1 0:2<\/p>\n<p><strong>2. Herren &#8211; Kreisliga S\u00fcd<\/strong><br \/>\n2.1 Hagedorn, S. 8 2:14<br \/>\n2.2 Straede, H. 9 5:12<br \/>\n2.3 Thiem, C. 8 7:9<br \/>\n2.4 Engler, M. 7 4:9<br \/>\n2.5 Pohlmeyer, S. 9 6:8<br \/>\n2.6 Otto, C. 8 4:7<br \/>\n3.1 Sprenger, C. 1 0:1<br \/>\n3.2 Sprick, G. 2 2:1<br \/>\n3.4 Brinkrolf, R. 2 2:1<\/p>\n<p><strong>3. Herren &#8211; 2. Kreisklasse S\u00fcd<\/strong><br \/>\n3.1 Sprenger, C. 6 5:3<br \/>\n3.2 Sprick, G. 7 4:6<br \/>\n3.3 Zastrow, J. 8 8:5<br \/>\n3.4 Brinkrolf, R. 9 13:0<br \/>\n3.5 Pieper, F. 9 11:2<br \/>\n3.6 Fritz, M. 2 1:0<br \/>\n4.5 Riemer, G. 3 2:3<br \/>\n4.6 Albani, D. 3 3:1<br \/>\n4.7 Schaiper, S. 3 2:2<br \/>\n4.8 Lieb, J. 2 0:4<br \/>\n4.9 Ahrendt, D. 1 0:2<br \/>\n5.3 Welp, M. 1 0:2<\/p>\n<p><strong>4. Herren &#8211; 2. Kreisklasse S\u00fcd<\/strong><br \/>\n4.1 Esdar, S. (SPV) 9 5:13<br \/>\n4.2 Meyer, U. (SPV) 0<br \/>\n4.3 Strelow, C. (SPV) 9 7:10<br \/>\n4.4 Landwehr, H. (SPV) 9 9:8<br \/>\n4.5 Riemer, G. 9 6:11<br \/>\n4.6 Albani, D. 6 4:6<br \/>\n4.7 Schaiper, S. 7 5:4<br \/>\n4.8 Lieb, J. 5 2:6<br \/>\n4.9 Ahrendt, D. 0<\/p>\n<p><strong>5. Herren &#8211; 3. Kreisklasse S\u00fcd B<\/strong><br \/>\n5.1 Schmidt, D. (SPV) 1 1:1<br \/>\n5.2 Komp, K. 7 0:14<br \/>\n5.3 Welp, M. 7 5:7<br \/>\n5.4 Wolf, D. 5 2:6<br \/>\n5.5 Mronga, R. 2 0:3<br \/>\n5.6 V\u00f6lz, S. 0<br \/>\n5.7 Vlaminck, M. 0<br \/>\n5.8 Oortmann, H. 5 0:7<br \/>\n5.9 Radtke, H. 6 2:4<\/p>\n<p>&nbsp;<\/p>\n<p><strong>Kreispokal<\/strong><\/p>\n<p>1. Herren erreicht mit zwei Mannschaften die Endrunde<br \/>\n3. Herren erreicht die Endrunde<br \/>\n4. Herren erreicht die Endrunde<\/p>\n<p><strong>Vereinsmeisterschaften 2007 &#8211; Jugend\/Sch\u00fcler 18.06.2007<\/strong><br \/>\nAm Freitag dem 15.06.2007 fanden nach l\u00e4ngerer Zeit endlich auch mal wieder Einzel-Vereinsmeisterschaften f\u00fcr Sch\u00fcler und Jugend statt.<br \/>\nAls kleines &#8222;Willkommensgeschenk&#8220; bekam jeder Teilnehmer ein T-Shirt &#8222;TuS Hilter Tischtennis&#8220;, Pokale gab es f\u00fcr die ersten 3 Pl\u00e4tze, wobei der 3. Platz nicht ausgespielt wurde.<\/p>\n<p>1. Platz Thao Nguyen<br \/>\n2. Platz Dario Starr<br \/>\n3. Pl\u00e4tze Huong Nguyen und Alexander Starr<\/p>\n<p>Interessanterweise hatte Thao in der Vorrunde gegen Dario verloren, konnte sich aber im Final durchsetzen. Insgesamt nahmen am Freitag 9 Sch\u00fcler u. Jugendliche an der Vereinsmeisterschaften teil.<\/p>\n<p><a href=\"http:\/\/www.tus-hilter-tischtennis.de\/wp\/wp-content\/uploads\/2023\/10\/TT-VM_SJ_2007_039-DeNoiseAI-standard.jpg\"><img loading=\"lazy\" decoding=\"async\" class=\"alignnone size-medium wp-image-2537\" src=\"http:\/\/www.tus-hilter-tischtennis.de\/wp\/wp-content\/uploads\/2023\/10\/TT-VM_SJ_2007_039-DeNoiseAI-standard-300x225.jpg\" alt=\"\" width=\"300\" height=\"225\" srcset=\"http:\/\/www.tus-hilter-tischtennis.de\/wp\/wp-content\/uploads\/2023\/10\/TT-VM_SJ_2007_039-DeNoiseAI-standard-300x225.jpg 300w, http:\/\/www.tus-hilter-tischtennis.de\/wp\/wp-content\/uploads\/2023\/10\/TT-VM_SJ_2007_039-DeNoiseAI-standard-320x240.jpg 320w, http:\/\/www.tus-hilter-tischtennis.de\/wp\/wp-content\/uploads\/2023\/10\/TT-VM_SJ_2007_039-DeNoiseAI-standard.jpg 640w\" sizes=\"auto, (max-width: 300px) 100vw, 300px\" \/><\/a> <a href=\"http:\/\/www.tus-hilter-tischtennis.de\/wp\/wp-content\/uploads\/2023\/10\/TT-VM_SJ_2007_041-DeNoiseAI-standard.jpg\"><img loading=\"lazy\" decoding=\"async\" class=\"alignnone size-medium wp-image-2538\" src=\"http:\/\/www.tus-hilter-tischtennis.de\/wp\/wp-content\/uploads\/2023\/10\/TT-VM_SJ_2007_041-DeNoiseAI-standard-300x225.jpg\" alt=\"\" width=\"300\" height=\"225\" srcset=\"http:\/\/www.tus-hilter-tischtennis.de\/wp\/wp-content\/uploads\/2023\/10\/TT-VM_SJ_2007_041-DeNoiseAI-standard-300x225.jpg 300w, http:\/\/www.tus-hilter-tischtennis.de\/wp\/wp-content\/uploads\/2023\/10\/TT-VM_SJ_2007_041-DeNoiseAI-standard-320x240.jpg 320w, http:\/\/www.tus-hilter-tischtennis.de\/wp\/wp-content\/uploads\/2023\/10\/TT-VM_SJ_2007_041-DeNoiseAI-standard.jpg 640w\" sizes=\"auto, (max-width: 300px) 100vw, 300px\" \/><\/a><\/p>\n<p><strong>Ergebnisse Doppel-Vereinsmeisterschaften 2007 16.06.2007<\/strong><br \/>\nAm Montag, 11.06.2007 fanden die Doppel Vereinsmeisterschaften statt. Ausgetragen wurden dies nach der alten Z\u00e4hlweise 2 Gewinns\u00e4tze bis 21, das sorgte f\u00fcr einige spannende Partien. Die Doppelpaarungen wurden ausgelost, Spieler der oberen Mannschaften wurden mit Spielern der unteren Mannschaften zusammengelost.<\/p>\n<p>1. Platz Carsten Otto \/ Stefan Esdar<br \/>\n2. Platz Stefan Pohlmeyer \/ Gilbert Sprick<br \/>\n3. Platz Axel Walke \/ Stephan Schaiper<br \/>\n4. Platz Stephan Hagedorn \/ Udo Meyer<\/p>\n<figure id=\"attachment_2551\" aria-describedby=\"caption-attachment-2551\" style=\"width: 300px\" class=\"wp-caption alignnone\"><a href=\"http:\/\/www.tus-hilter-tischtennis.de\/wp\/wp-content\/uploads\/2023\/10\/HPIM0009.jpg\"><img loading=\"lazy\" decoding=\"async\" class=\"size-medium wp-image-2551\" src=\"http:\/\/www.tus-hilter-tischtennis.de\/wp\/wp-content\/uploads\/2023\/10\/HPIM0009-300x240.jpg\" alt=\"\" width=\"300\" height=\"240\" srcset=\"http:\/\/www.tus-hilter-tischtennis.de\/wp\/wp-content\/uploads\/2023\/10\/HPIM0009-300x240.jpg 300w, http:\/\/www.tus-hilter-tischtennis.de\/wp\/wp-content\/uploads\/2023\/10\/HPIM0009-1024x819.jpg 1024w, http:\/\/www.tus-hilter-tischtennis.de\/wp\/wp-content\/uploads\/2023\/10\/HPIM0009-768x614.jpg 768w, http:\/\/www.tus-hilter-tischtennis.de\/wp\/wp-content\/uploads\/2023\/10\/HPIM0009.jpg 1280w\" sizes=\"auto, (max-width: 300px) 100vw, 300px\" \/><\/a><figcaption id=\"caption-attachment-2551\" class=\"wp-caption-text\">Vereinsmeisterschaften 2007 &#8211; Doppel Sieger<\/figcaption><\/figure>\n<p><strong>Ergebnisse Einzel-Vereinsmeisterschaften 2007 11.06.2007<\/strong><br \/>\nIn der Einzelkonkurrenz am Freitag den 08.06.2007 nahmen insgesamt 24 Spieler\/innen teil, davon 5 Jugendliche bzw. Sch\u00fcler.<\/p>\n<p>Viktor Dreier und Markus Engler nahmen ein letztes Mal an diesem Ereigniss teil, da sie in der kommenden Saison f\u00fcr den TSG Dissen (Landesliga) bzw. Verl (1. Kreisklasse) spielen werden.<\/p>\n<p>1. Platz Viktor Dreier<br \/>\n2. Platz Stephan Hagedorn<br \/>\n3. Platz Carsten Otto<br \/>\n4. Platz Mike Windisch<\/p>\n<p>Dank des unbarmherzigen Wetters und der v\u00f6llig freien Auslosung kam es zu teils interessanten Begnungen mit ebenfalls interessantem Ausgang \ud83d\ude09<\/p>\n<p>Zum Beispiel konnte sich Thao Nguyen als einziger Jugendspieler f\u00fcr die Hauptrunde qualifizieren ! Wir d\u00fcrfen gespannt sein wie er bei den Vereinsmeisterschaften der Jugend u. Sch\u00fcler am n\u00e4chsten Freitag abschneidet.<\/p>\n<p><strong>Turniere:<\/strong><\/p>\n<p><strong>32. Goldener Schl\u00e4ger von Schledehausen 2007<\/strong><\/p>\n<p><a href=\"http:\/\/www.tus-hilter-tischtennis.de\/wp\/wp-content\/uploads\/2023\/10\/schledehausen2007_024.jpg\"><img loading=\"lazy\" decoding=\"async\" class=\"alignnone size-medium wp-image-2524\" src=\"http:\/\/www.tus-hilter-tischtennis.de\/wp\/wp-content\/uploads\/2023\/10\/schledehausen2007_024-300x225.jpg\" alt=\"\" width=\"300\" height=\"225\" srcset=\"http:\/\/www.tus-hilter-tischtennis.de\/wp\/wp-content\/uploads\/2023\/10\/schledehausen2007_024-300x225.jpg 300w, http:\/\/www.tus-hilter-tischtennis.de\/wp\/wp-content\/uploads\/2023\/10\/schledehausen2007_024-320x240.jpg 320w, http:\/\/www.tus-hilter-tischtennis.de\/wp\/wp-content\/uploads\/2023\/10\/schledehausen2007_024.jpg 640w\" sizes=\"auto, (max-width: 300px) 100vw, 300px\" \/><\/a><\/p>\n<p>&nbsp;<\/p>\n<p><strong>57. Pfingstpokalturnier der TSG Dissen 2007 04.06.2007<\/strong><\/p>\n<p><strong>m\u00e4nnliche Jugend 1. Platz Viktor Dreier (TuS Hilter \/ Jannis Redecker (TSG Dissen)<\/strong><\/p>\n<p>Am Samstag war es endlich wieder soweit, das Dissener Turnier fand wie jedes Jahr sozusagen direkt vor unserer Haust\u00fcr statt und somit waren auch wieder recht viele Hilteraner Celluloid Akteure mit dabei. Das Turnier wurde mit 2er Mannschaften bestritten<\/p>\n<p>Samstag in der Herren-D Klasse spielten die Teams Stefan Pohlmeyer\/Stephan Hagedorn und Holger Landwehr\/Holger Straede. W\u00e4hrend Holger und Holger leider nicht aus der Gruppe herraus kamen und sich nach einer 1:3 Niederlage gegen den TuS Suhlingen (Buermeister\/Meyer) und einem 3:0 gegen zwei Spieler vom TTG S\u00fcd-Ost Berlin dann auch im letzten Spiel geschlagen geben mussten, gelang es Stefan und Stephan zumindest ins [b]Achtelfinale[b] vorzudringen.<\/p>\n<p>Erw\u00e4hnenswert ist noch das der zum jetzigen Zeitpunkt ehemalige Top-Spieler des TuS Hilter Viktor Dreier mit seinem zuk\u00fcnftigen Mannschafts- und Vereinskollegen Janis Redecker (Landesliga TSG Dissen) in der Jugendklasse startete, und das zum letzten Mal, denn Viktor ist dieses Jahr 18 geworden. Dort schaften es beide zun\u00e4chst bis zum Halbfinale wo sie gegen Patrick Niekamp (Westerhausen) und Gerrit Hogg (SVC Belm-Powe) zun\u00e4chst 0:2 hinten lagen, bis dahin das einzige Einzel das Viktor verloren hatte. Nach einem ziemlichen guten Doppel lagen sie dann nur noch 1:2 hinten und Janis Redecker konnte sich gegen Niekamp (der mit Noppen spielte) im f\u00fcnften Satz durchsetzen. Gegen Gerrit Hogg hatte Viktor dann mit 3:0 keine Probleme und man befand sich nun im Finale.<br \/>\nIm Finale standen beide dann gegen zwei Spieler von Olympia Laxten. Schlu\u00dfendlich gewannen sie, waren [b]Sieger der Jungendklasse[b] und endlich hatte Viktor seinen ersten und letzen Jugendtitel !!!<\/p>\n<p>Am Sonntag starteten dann Hilteraner in der Herren-E und Herren-C Klasse. Herren-E: Holger Landwehr\/Stefan Esdar, Reiner Brinkrolf\/Christian M\u00f6ller, Denis Albani\/Cedric Strelow und J\u00fcrgen Zastrow\/Gilbert Sprick.<br \/>\nIn der Herren-C Klasse starteten Viktor Dreier\/Mike Windisch, Axel Walke\/Sebastian Thiem und Holger Straede spielte mit Helmut Grotheer vom SV H\u00fcttenbusch, der in Bad Rothenfelde zur Kur war und schon seit einigen Wochen w\u00e4hrend seiner Kur bei uns zum Training zu Gast war.<\/p>\n<p>Bei den vielen Mannschaften hatte ich leider den \u00dcberblick verloren wer wie weit gekommen ist und ich hoffe ich kann es halbwegs rekonstruieren. Inder Herren E Klasse sind Reiner\/Christian und Denis\/Cedric in die Hauptrunde gekommen, Holger\/Stefan und J\u00fcrgen\/Gilbert sind glaube ich in der Vorrunde ausgeschieden. Ich meine sogar das Reiner und Christian sogar noch das [b]Achtelfinale[b] erreicht haben.<br \/>\nIn der Herren-C Klasse sind Holger\/Helmut zun\u00e4chst mit 0:3 gegen Sotebier\/Kramm (TSV Riemsloh) die beiden 2. der Herren-D Klasse vom Vortag, 3:0 gegen eine andere Mansnchaft (Versmold?) und dann mit 1:3 gegen eine Mannschaft aus G\u00fctersloh ausgeschieden. Axel\/Sebastian sind ebenfalls in der Vorrunde ausgeschieden unter anderem gegen Atti und Werner von unseren Nachbarn vom TSG Dissen.<br \/>\nViktor und Maik konnten dank Viktor\u00b4s Einzelleistung und der gemeinsamen Doppelleistung noch ins [b]Viertelfinale[b] vorstossen aber dann war leider auch Schlu\u00df.<\/p>\n<p>Alles in allem mal wieder ein SUPER TURNIER das die TSG Dissen da veranstalltet hat, ich freue mich jedes Jahr wieder dort zu spielen, Bekannte zu treffen und in der Kantine zu essen und zu kl\u00f6nen. Na dann bis zum n\u00e4chsten Jahr in Dissen\u2026<\/p>\n<p><strong>20. Internationales Sparkassen Turnier des TTV Mettingen 2007 04.06.2007<\/strong><br \/>\nAuch wenn es schon vor zwei Wochen war, hier nochmal ein kurzer Bericht zum 20. Internationales Sparkassen Turnier des TTV Mettingen.<\/p>\n<p>Am Samstag nach Christi Himmelfahrt fand sich nur Holger Straede als aktiver vom TuS Hilter und startete in der Herren-D Klasse. Leider nicht ganz so Topfit kam er nicht mal aus der Gruppe herraus und musste sich dann mit einem gewonnen zu zwei verlorenen Spielen voll auf das Doppel Konzentrieren.<br \/>\nDas Doppel spielte er wie schon im Vorjahr bei diesem Turnier mit Tore Skowronski vom DJK Gravenhorst. Beim dritten Versuch miteinander ein erfolgreies Doppel zu spielen war man endlich etwas erfolgreicher als bei den zwei Malen zuvor.<br \/>\nDas erste Doppel gewann man gegen zwei Spieler aus Westercappeln, relativ locker mit 3:1 S\u00e4tzen. Das zweite Doppel gegen zwei noch junge Spieler von Eintracht Berlin gewann man gerade mal so in f\u00fcnf S\u00e4tzen. Das Achtelfinale gewann man wiederum recht deutlich mit 3:1 gegen zwei Spieler aus Hamburger Gegend.<br \/>\nIm Viertelfinale unterlagen dann beide mit 1:3 gegen Uwe Weng (FTV D\u00fcsseldorf) (fr\u00fcher mal VfL Osnabr\u00fcck) \/ Holger Gundlach (SV Meiendorfer), die ein Spiel sp\u00e4ter im Halbfinale unterlagen.<br \/>\nImmerhin im dritten Doppelanlauf das Viertelfinale in der Herren-D Doppelkonkurrenz erreicht, gar nicht soo schlecht.<\/p>\n<p>Am Sonntag spielten dann Holger Straede und Mike Windisch vom TuS Hilter in der Herren-C Klasse.<br \/>\nIm Einzel konnte Holger nach nur 4,5 Stunden Schlaf leider nicht genug bewegen und musste sich gleich im ersten Spiel gegen Mausolf mit 1:3 in relativ sehr knappen S\u00e4tzen geschlagen geben, das entscheidende Spiel wie sich sp\u00e4ter herrausstellte. Dann gegen einen Spieler vom TTV Mettingen deutlich mit 0:3 unterlegen. Im letzten Spiel jedoch gewann Holger dann mit 3:1, was leider nicht ausreichte. Der Spieler aus Mettingen hatte eine 3:0 Bilanz alle anderen 1:2 und 4:7 S\u00e4tze, leider hatte der Spieler gegen den Holger gewonnen hatte mehr B\u00e4lle f\u00fcr sich entscheiden k\u00f6nnen.<\/p>\n<p>Mike erging es \u00e4hnlich, auch spielte in der Gruppe 1:2 und schied in der Vorrunde aus.<\/p>\n<p>Im Doppel musste man sich dann auch schon in der ersten Runde mit 1:3 geschlagen geben.<\/p>\n<p>Trotzdem wiedermal ein super tolles Turnier in Mettingen\u2026<\/p>\n<p>&nbsp;<\/p>\n<p><strong>Verschiedenes<\/strong><\/p>\n<figure id=\"attachment_2501\" aria-describedby=\"caption-attachment-2501\" style=\"width: 300px\" class=\"wp-caption alignnone\"><a href=\"http:\/\/www.tus-hilter-tischtennis.de\/wp\/wp-content\/uploads\/2023\/10\/20060925_TuSHilterI-SCGlandorfI.jpg\"><img loading=\"lazy\" decoding=\"async\" class=\"size-medium wp-image-2501\" src=\"http:\/\/www.tus-hilter-tischtennis.de\/wp\/wp-content\/uploads\/2023\/10\/20060925_TuSHilterI-SCGlandorfI-300x225.jpg\" alt=\"\" width=\"300\" height=\"225\" srcset=\"http:\/\/www.tus-hilter-tischtennis.de\/wp\/wp-content\/uploads\/2023\/10\/20060925_TuSHilterI-SCGlandorfI-300x225.jpg 300w, http:\/\/www.tus-hilter-tischtennis.de\/wp\/wp-content\/uploads\/2023\/10\/20060925_TuSHilterI-SCGlandorfI-1024x768.jpg 1024w, http:\/\/www.tus-hilter-tischtennis.de\/wp\/wp-content\/uploads\/2023\/10\/20060925_TuSHilterI-SCGlandorfI-768x576.jpg 768w, http:\/\/www.tus-hilter-tischtennis.de\/wp\/wp-content\/uploads\/2023\/10\/20060925_TuSHilterI-SCGlandorfI-1536x1152.jpg 1536w, http:\/\/www.tus-hilter-tischtennis.de\/wp\/wp-content\/uploads\/2023\/10\/20060925_TuSHilterI-SCGlandorfI-320x240.jpg 320w, http:\/\/www.tus-hilter-tischtennis.de\/wp\/wp-content\/uploads\/2023\/10\/20060925_TuSHilterI-SCGlandorfI.jpg 1600w\" sizes=\"auto, (max-width: 300px) 100vw, 300px\" \/><\/a><figcaption id=\"caption-attachment-2501\" class=\"wp-caption-text\">2. Bezirksklasse S\u00fcd 2006\/07 am 25.09.2006 TuS Hilter I (rechts) gegen SC Glandorf (links)<\/figcaption><\/figure>\n","protected":false},"excerpt":{"rendered":"<p>2006\/07 Vereinswechsel zum TuS Hilter Sebastian Thiem wechselt vom SV Bad Laer zum TuS Hilter Christian Engler wechselt vom SV Bad Laer zum TuS Hilter Tabellen 2006\/07 1. Herren 1. Bezirksklasse Osnabr\u00fcck Relegation 1 TSV Riemsloh 18:9 4:0 2 SV Nortrup 13:17 1:3 3 TuS Hilter 12:17 1:3 2. Bezirksklasse Osnabr\u00fcck-S\u00fcd 1 Spvg. Oldendorf III [&hellip;]<\/p>\n","protected":false},"author":1,"featured_media":2500,"parent":0,"menu_order":0,"comment_status":"closed","ping_status":"closed","template":"","meta":{"_exactmetrics_skip_tracking":false,"_exactmetrics_sitenote_active":false,"_exactmetrics_sitenote_note":"","_exactmetrics_sitenote_category":0,"footnotes":""},"class_list":["post-2460","page","type-page","status-publish","has-post-thumbnail","hentry"],"jetpack_sharing_enabled":true,"_links":{"self":[{"href":"http:\/\/www.tus-hilter-tischtennis.de\/wp\/index.php?rest_route=\/wp\/v2\/pages\/2460","targetHints":{"allow":["GET"]}}],"collection":[{"href":"http:\/\/www.tus-hilter-tischtennis.de\/wp\/index.php?rest_route=\/wp\/v2\/pages"}],"about":[{"href":"http:\/\/www.tus-hilter-tischtennis.de\/wp\/index.php?rest_route=\/wp\/v2\/types\/page"}],"author":[{"embeddable":true,"href":"http:\/\/www.tus-hilter-tischtennis.de\/wp\/index.php?rest_route=\/wp\/v2\/users\/1"}],"replies":[{"embeddable":true,"href":"http:\/\/www.tus-hilter-tischtennis.de\/wp\/index.php?rest_route=%2Fwp%2Fv2%2Fcomments&post=2460"}],"version-history":[{"count":11,"href":"http:\/\/www.tus-hilter-tischtennis.de\/wp\/index.php?rest_route=\/wp\/v2\/pages\/2460\/revisions"}],"predecessor-version":[{"id":2552,"href":"http:\/\/www.tus-hilter-tischtennis.de\/wp\/index.php?rest_route=\/wp\/v2\/pages\/2460\/revisions\/2552"}],"wp:featuredmedia":[{"embeddable":true,"href":"http:\/\/www.tus-hilter-tischtennis.de\/wp\/index.php?rest_route=\/wp\/v2\/media\/2500"}],"wp:attachment":[{"href":"http:\/\/www.tus-hilter-tischtennis.de\/wp\/index.php?rest_route=%2Fwp%2Fv2%2Fmedia&parent=2460"}],"curies":[{"name":"wp","href":"https:\/\/api.w.org\/{rel}","templated":true}]}}